{"id":8403,"date":"2024-03-07T11:34:52","date_gmt":"2024-03-07T10:34:52","guid":{"rendered":"https:\/\/www.staedtebau-chemnitz.de\/?page_id=8403"},"modified":"2025-09-08T19:24:46","modified_gmt":"2025-09-08T17:24:46","slug":"quartiere-mit-weitblick","status":"publish","type":"page","link":"https:\/\/www.staedtebau-chemnitz.de\/index.php\/quartiere-mit-weitblick\/","title":{"rendered":"Quartiere mit Weitblick"},"content":{"rendered":"<p><div class=\"fusion-fullwidth fullwidth-box fusion-builder-row-1 fusion-flex-container has-pattern-background has-mask-background hundred-percent-fullwidth non-hundred-percent-height-scrolling\" style=\"--awb-border-radius-top-left:0px;--awb-border-radius-top-right:0px;--awb-border-radius-bottom-right:0px;--awb-border-radius-bottom-left:0px;--awb-flex-wrap:wrap;\" ><div class=\"fusion-builder-row fusion-row fusion-flex-align-items-flex-start fusion-flex-content-wrap\" style=\"width:104% !important;max-width:104% !important;margin-left: calc(-4% \/ 2 );margin-right: calc(-4% \/ 2 );\"><div class=\"fusion-layout-column fusion_builder_column fusion-builder-column-0 fusion_builder_column_1_1 1_1 fusion-flex-column\" style=\"--awb-bg-size:cover;--awb-width-large:100%;--awb-margin-top-large:0px;--awb-spacing-right-large:1.92%;--awb-margin-bottom-large:20px;--awb-spacing-left-large:1.92%;--awb-width-medium:100%;--awb-order-medium:0;--awb-spacing-right-medium:1.92%;--awb-spacing-left-medium:1.92%;--awb-width-small:100%;--awb-order-small:0;--awb-spacing-right-small:1.92%;--awb-spacing-left-small:1.92%;\"><div class=\"fusion-column-wrapper fusion-column-has-shadow fusion-flex-justify-content-flex-start fusion-content-layout-column\"><div style=\"--awb-popover-heading-background-color:rgba(255,255,255,0.8);--awb-popover-content-background-color:rgba(255,255,255,0.8);\" class=\"awb-image-hotspots awb-image-hotspots-1 fusion-no-small-visibility\"><div class=\"awb-image-hotspots-wrapper\"><img decoding=\"async\" src=\"https:\/\/www.staedtebau-chemnitz.de\/wp-content\/uploads\/2024\/03\/Chemnitz_Heckertgebiet-Luftb_Aug16_5812_DHanus-scaled-e1713259512200.jpg\" alt=\"Wir gestalten Quartiere mit Weitblick\" width=\"2560\" height=\"1245\" class=\"awb-image-hotspots-image wp-image-8427\" srcset=\"https:\/\/www.staedtebau-chemnitz.de\/wp-content\/uploads\/2024\/03\/Chemnitz_Heckertgebiet-Luftb_Aug16_5812_DHanus-scaled-e1713259512200-200x97.jpg 200w, https:\/\/www.staedtebau-chemnitz.de\/wp-content\/uploads\/2024\/03\/Chemnitz_Heckertgebiet-Luftb_Aug16_5812_DHanus-scaled-e1713259512200-300x146.jpg 300w, https:\/\/www.staedtebau-chemnitz.de\/wp-content\/uploads\/2024\/03\/Chemnitz_Heckertgebiet-Luftb_Aug16_5812_DHanus-scaled-e1713259512200-400x195.jpg 400w, https:\/\/www.staedtebau-chemnitz.de\/wp-content\/uploads\/2024\/03\/Chemnitz_Heckertgebiet-Luftb_Aug16_5812_DHanus-scaled-e1713259512200-600x292.jpg 600w, https:\/\/www.staedtebau-chemnitz.de\/wp-content\/uploads\/2024\/03\/Chemnitz_Heckertgebiet-Luftb_Aug16_5812_DHanus-scaled-e1713259512200-768x374.jpg 768w, https:\/\/www.staedtebau-chemnitz.de\/wp-content\/uploads\/2024\/03\/Chemnitz_Heckertgebiet-Luftb_Aug16_5812_DHanus-scaled-e1713259512200-800x389.jpg 800w, https:\/\/www.staedtebau-chemnitz.de\/wp-content\/uploads\/2024\/03\/Chemnitz_Heckertgebiet-Luftb_Aug16_5812_DHanus-scaled-e1713259512200-1024x498.jpg 1024w, https:\/\/www.staedtebau-chemnitz.de\/wp-content\/uploads\/2024\/03\/Chemnitz_Heckertgebiet-Luftb_Aug16_5812_DHanus-scaled-e1713259512200-1200x584.jpg 1200w, https:\/\/www.staedtebau-chemnitz.de\/wp-content\/uploads\/2024\/03\/Chemnitz_Heckertgebiet-Luftb_Aug16_5812_DHanus-scaled-e1713259512200-1536x747.jpg 1536w, https:\/\/www.staedtebau-chemnitz.de\/wp-content\/uploads\/2024\/03\/Chemnitz_Heckertgebiet-Luftb_Aug16_5812_DHanus-scaled-e1713259512200.jpg 2560w\" sizes=\"(max-width: 2560px) 100vw, 2560px\"\/><a style=\"--awb-font-size:38px;--awb-hotspot-text-color:var(--awb-custom_color_2);--awb-hotspot-background-color:rgba(255,255,255,0);--awb-hotspot-hover-text-color:#e74011;--awb-hotspot-hover-background-color:rgba(255,255,255,0);--awb-pos-x:51.3%;--awb-pos-y:30.5%;\" class=\"awb-image-hotspots-hotspot awb-image-hotspots-hotspot-1 awb-image-hotspots-hotspot-anim-showing\" role=\"button\" tabindex=\"0\" data-awb-toggle-image-hotspot-popover=\"true\" data-title=\"Architektonische und St\u00e4dtebauliche Betrachtung\" data-trigger=\"click\" data-placement=\"auto\"><i class=\"fa-dot-circle far\"><\/i> <\/a><a style=\"--awb-font-size:38px;--awb-hotspot-text-color:var(--awb-color7);--awb-hotspot-background-color:rgba(255,255,255,0);--awb-hotspot-hover-text-color:var(--awb-color7);--awb-hotspot-hover-background-color:rgba(255,255,255,0);--awb-pos-x:37.1%;--awb-pos-y:47.0%;\" class=\"awb-image-hotspots-hotspot awb-image-hotspots-hotspot-2 awb-image-hotspots-hotspot-anim-showing\" role=\"button\" tabindex=\"0\" data-awb-toggle-image-hotspot-popover=\"true\" data-title=\"Klimaschutz- und Energieplanung\" data-trigger=\"click\" data-placement=\"auto\"><i class=\"fa-dot-circle far\"><\/i> <\/a><a style=\"--awb-font-size:38px;--awb-hotspot-text-color:var(--awb-color4);--awb-hotspot-background-color:rgba(255,255,255,0);--awb-hotspot-hover-text-color:var(--awb-color4);--awb-hotspot-hover-background-color:rgba(255,255,255,0);--awb-pos-x:70.1%;--awb-pos-y:59.2%;\" class=\"awb-image-hotspots-hotspot awb-image-hotspots-hotspot-3 awb-image-hotspots-hotspot-anim-showing\" role=\"button\" tabindex=\"0\" data-awb-toggle-image-hotspot-popover=\"true\" data-title=\"Gr\u00fcnkonzeptionen und Freiraumplanung\" data-trigger=\"click\" data-placement=\"auto\"><i class=\"fa-dot-circle far\"><\/i> <\/a><a style=\"--awb-font-size:38px;--awb-hotspot-text-color:#008bc4;--awb-hotspot-background-color:rgba(255,255,255,0);--awb-hotspot-hover-text-color:var(--awb-color5);--awb-hotspot-hover-background-color:rgba(255,255,255,0);--awb-pos-x:59.0%;--awb-pos-y:81.8%;\" class=\"awb-image-hotspots-hotspot awb-image-hotspots-hotspot-4 awb-image-hotspots-hotspot-anim-showing\" role=\"button\" tabindex=\"0\" data-awb-toggle-image-hotspot-popover=\"true\" data-title=\"Beratung zu Verkehr und Mobilit\u00e4t\" data-trigger=\"click\" data-placement=\"auto\"><i class=\"fa-dot-circle far\"><\/i> <\/a><\/div><\/div><div style=\"--awb-popover-heading-background-color:rgba(255,255,255,0.8);--awb-popover-content-background-color:rgba(255,255,255,0.8);\" class=\"awb-image-hotspots awb-image-hotspots-2 fusion-no-medium-visibility fusion-no-large-visibility\"><div class=\"awb-image-hotspots-wrapper\"><img decoding=\"async\" src=\"https:\/\/www.staedtebau-chemnitz.de\/wp-content\/uploads\/2024\/03\/Chemnitz_Heckertgebiet-Luftb_Aug16_5812_DHanus-scaled-e1713259512200.jpg\" alt=\"Wir gestalten Quartiere mit Weitblick\" width=\"2560\" height=\"1245\" class=\"awb-image-hotspots-image wp-image-8427\" srcset=\"https:\/\/www.staedtebau-chemnitz.de\/wp-content\/uploads\/2024\/03\/Chemnitz_Heckertgebiet-Luftb_Aug16_5812_DHanus-scaled-e1713259512200-200x97.jpg 200w, https:\/\/www.staedtebau-chemnitz.de\/wp-content\/uploads\/2024\/03\/Chemnitz_Heckertgebiet-Luftb_Aug16_5812_DHanus-scaled-e1713259512200-300x146.jpg 300w, https:\/\/www.staedtebau-chemnitz.de\/wp-content\/uploads\/2024\/03\/Chemnitz_Heckertgebiet-Luftb_Aug16_5812_DHanus-scaled-e1713259512200-400x195.jpg 400w, https:\/\/www.staedtebau-chemnitz.de\/wp-content\/uploads\/2024\/03\/Chemnitz_Heckertgebiet-Luftb_Aug16_5812_DHanus-scaled-e1713259512200-600x292.jpg 600w, https:\/\/www.staedtebau-chemnitz.de\/wp-content\/uploads\/2024\/03\/Chemnitz_Heckertgebiet-Luftb_Aug16_5812_DHanus-scaled-e1713259512200-768x374.jpg 768w, https:\/\/www.staedtebau-chemnitz.de\/wp-content\/uploads\/2024\/03\/Chemnitz_Heckertgebiet-Luftb_Aug16_5812_DHanus-scaled-e1713259512200-800x389.jpg 800w, https:\/\/www.staedtebau-chemnitz.de\/wp-content\/uploads\/2024\/03\/Chemnitz_Heckertgebiet-Luftb_Aug16_5812_DHanus-scaled-e1713259512200-1024x498.jpg 1024w, https:\/\/www.staedtebau-chemnitz.de\/wp-content\/uploads\/2024\/03\/Chemnitz_Heckertgebiet-Luftb_Aug16_5812_DHanus-scaled-e1713259512200-1200x584.jpg 1200w, https:\/\/www.staedtebau-chemnitz.de\/wp-content\/uploads\/2024\/03\/Chemnitz_Heckertgebiet-Luftb_Aug16_5812_DHanus-scaled-e1713259512200-1536x747.jpg 1536w, https:\/\/www.staedtebau-chemnitz.de\/wp-content\/uploads\/2024\/03\/Chemnitz_Heckertgebiet-Luftb_Aug16_5812_DHanus-scaled-e1713259512200.jpg 2560w\" sizes=\"(max-width: 2560px) 100vw, 2560px\"\/><a style=\"--awb-font-size:28px;--awb-hotspot-text-color:var(--awb-custom_color_2);--awb-hotspot-background-color:rgba(255,255,255,0);--awb-hotspot-hover-text-color:#e74011;--awb-hotspot-hover-background-color:rgba(255,255,255,0);--awb-pos-x:47.5%;--awb-pos-y:23.9%;\" class=\"awb-image-hotspots-hotspot awb-image-hotspots-hotspot-5 awb-image-hotspots-hotspot-anim-showing\" role=\"button\" tabindex=\"0\" data-awb-toggle-image-hotspot-popover=\"true\" data-title=\"Architektonische und St\u00e4dtebauliche Betrachtung\" data-trigger=\"click\" data-placement=\"auto\"><i class=\"fa-dot-circle far\"><\/i> <\/a><a style=\"--awb-font-size:28px;--awb-hotspot-text-color:var(--awb-color7);--awb-hotspot-background-color:rgba(255,255,255,0);--awb-hotspot-hover-text-color:var(--awb-color7);--awb-hotspot-hover-background-color:rgba(255,255,255,0);--awb-pos-x:37.1%;--awb-pos-y:47.0%;\" class=\"awb-image-hotspots-hotspot awb-image-hotspots-hotspot-6 awb-image-hotspots-hotspot-anim-showing\" role=\"button\" tabindex=\"0\" data-awb-toggle-image-hotspot-popover=\"true\" data-title=\"Klimaschutz- und Energieplanung\" data-trigger=\"click\" data-placement=\"auto\"><i class=\"fa-dot-circle far\"><\/i> <\/a><a style=\"--awb-font-size:28px;--awb-hotspot-text-color:var(--awb-color4);--awb-hotspot-background-color:rgba(255,255,255,0);--awb-hotspot-hover-text-color:var(--awb-color4);--awb-hotspot-hover-background-color:rgba(255,255,255,0);--awb-pos-x:67.7%;--awb-pos-y:47.0%;\" class=\"awb-image-hotspots-hotspot awb-image-hotspots-hotspot-7 awb-image-hotspots-hotspot-anim-showing\" role=\"button\" tabindex=\"0\" data-awb-toggle-image-hotspot-popover=\"true\" data-title=\"Gr\u00fcnkonzeptionen und Freiraumplanung\" data-trigger=\"click\" data-placement=\"auto\"><i class=\"fa-dot-circle far\"><\/i> <\/a><a style=\"--awb-font-size:28px;--awb-hotspot-text-color:#008bc4;--awb-hotspot-background-color:rgba(255,255,255,0);--awb-hotspot-hover-text-color:var(--awb-color5);--awb-hotspot-hover-background-color:rgba(255,255,255,0);--awb-pos-x:55.0%;--awb-pos-y:73.0%;\" class=\"awb-image-hotspots-hotspot awb-image-hotspots-hotspot-8 awb-image-hotspots-hotspot-anim-showing\" role=\"button\" tabindex=\"0\" data-awb-toggle-image-hotspot-popover=\"true\" data-title=\"Beratung zu Verkehr und Mobilit\u00e4t\" data-trigger=\"click\" data-placement=\"auto\"><i class=\"fa-dot-circle far\"><\/i> <\/a><\/div><\/div><\/div><\/div><\/div><\/div><div class=\"fusion-fullwidth fullwidth-box fusion-builder-row-2 fusion-flex-container has-pattern-background has-mask-background nonhundred-percent-fullwidth non-hundred-percent-height-scrolling\" style=\"--awb-border-radius-top-left:0px;--awb-border-radius-top-right:0px;--awb-border-radius-bottom-right:0px;--awb-border-radius-bottom-left:0px;--awb-padding-bottom:1%;--awb-flex-wrap:wrap;\" ><div class=\"fusion-builder-row fusion-row fusion-flex-align-items-flex-start fusion-flex-content-wrap\" style=\"max-width:1248px;margin-left: calc(-4% \/ 2 );margin-right: calc(-4% \/ 2 );\"><div class=\"fusion-layout-column fusion_builder_column fusion-builder-column-1 fusion_builder_column_1_1 1_1 fusion-flex-column fusion-no-small-visibility\" style=\"--awb-bg-size:cover;--awb-width-large:100%;--awb-margin-top-large:0px;--awb-spacing-right-large:1.92%;--awb-margin-bottom-large:0px;--awb-spacing-left-large:1.92%;--awb-width-medium:100%;--awb-order-medium:0;--awb-spacing-right-medium:1.92%;--awb-spacing-left-medium:1.92%;--awb-width-small:100%;--awb-order-small:0;--awb-spacing-right-small:1.92%;--awb-spacing-left-small:1.92%;\"><div class=\"fusion-column-wrapper fusion-column-has-shadow fusion-flex-justify-content-flex-start fusion-content-layout-column\"><div class=\"fusion-title title fusion-title-1 fusion-no-small-visibility fusion-no-medium-visibility fusion-sep-none fusion-title-text fusion-title-size-three\" style=\"--awb-margin-top:20px;--awb-margin-bottom:20px;\"><h3 class=\"fusion-title-heading title-heading-left fusion-responsive-typography-calculated\" style=\"margin:0;--fontSize:37;line-height:var(--awb-typography1-line-height);\"><strong>Wir gestalten Quartiere mit Weitblick.<\/strong><\/h3><\/div><div class=\"fusion-text fusion-text-1 awb-text-cols fusion-text-columns-2 fusion-no-small-visibility\" style=\"--awb-content-alignment:left;--awb-columns:2;--awb-column-spacing:2em;--awb-column-min-width:100px;\"><p>Die Anforderungen an das Leben in Quartieren befinden sich in einem <strong>tiefgreifenden Wandel<\/strong>. Wohnungsunternehmen werden mit einer Vielzahl von Herausforderungen konfrontiert. <strong>Wir helfen Ihnen<\/strong> dabei, ein Quartier zu gestalten, welches seine individuelle Wertigkeit, seinen Charakter und seine Nutzungsm\u00f6glichkeiten auf nachhaltige Art und Weise neu konzipiert.<\/p>\n<p><strong>Von der Atmosph\u00e4re und Aura des Ortes zur Vision:<\/strong> Gemeinsam finden wir auf <strong>Ihr Quartier abgestimmte L\u00f6sungen<\/strong> zu einer gr\u00fcn-blauen Infrastruktur, erneuerbaren Energien, neu gedachten Mobilit\u00e4tskonzepten, innovativen und flexiblen Wohnungskonzepten uvm. Der kreativen Gestaltung Ihres <strong>zukunftsf\u00e4higen Wohnquartiers<\/strong> sind keine Grenzen gesetzt.<\/p>\n<p>Um nachhaltige Quartiersentwicklungen ansto\u00dfen und umsetzen zu k\u00f6nnen, k\u00fcmmern wir uns um eine <strong>erfolgreiche Partizipation und die Umsetzung individueller L\u00f6sungsans\u00e4tze<\/strong>, indem wir Bewohner:innen, verantwortliche Akteure der Wohnungsunternehmen sowie engagierte Planer:innen zusammenzubringen.<\/p>\n<p>Aber auch die Finanzierung muss gesichert sein: Wir unterst\u00fctzen Sie bei der Auswahl von <strong>F\u00f6rderprogrammen<\/strong> f\u00fcr die Realisierung Ihrer einzelnen Vorhaben. Ihnen steht ein <strong>interdisziplin\u00e4res Team<\/strong>, das die stadtplanerischen Themenstellungen in ihrer Komplexit\u00e4t und Vielfalt beleuchten, analysieren und konzeptionell gestalten kann, zur Seite. Wir freuen uns darauf, gemeinsam mit Ihnen ein <span style=\"color: #0000ff;\"><em><a style=\"color: #0000ff;\" href=\"https:\/\/www.staedtebau-chemnitz.de\/index.php\/interview-stadtplanung-mit-fokus-auf-die-quartiersentwicklung\/\"><strong>Quartier mit Weitblick<\/strong><\/a><\/em><\/span> zu gestalten.<\/p>\n<\/div><div class=\"fusion-separator fusion-no-small-visibility fusion-full-width-sep\" style=\"align-self: center;margin-left: auto;margin-right: auto;width:100%;\"><\/div><\/div><\/div><div class=\"fusion-layout-column fusion_builder_column fusion-builder-column-2 fusion_builder_column_1_1 1_1 fusion-flex-column\" style=\"--awb-bg-blend:overlay;--awb-bg-size:cover;--awb-width-large:100%;--awb-margin-top-large:0px;--awb-spacing-right-large:1.92%;--awb-margin-bottom-large:0px;--awb-spacing-left-large:1.92%;--awb-width-medium:100%;--awb-order-medium:0;--awb-spacing-right-medium:1.92%;--awb-spacing-left-medium:1.92%;--awb-width-small:100%;--awb-order-small:0;--awb-spacing-right-small:1.92%;--awb-spacing-left-small:1.92%;\" data-motion-effects=\"[{&quot;type&quot;:&quot;&quot;,&quot;scroll_type&quot;:&quot;transition&quot;,&quot;scroll_direction&quot;:&quot;up&quot;,&quot;transition_speed&quot;:&quot;1&quot;,&quot;fade_type&quot;:&quot;in&quot;,&quot;scale_type&quot;:&quot;up&quot;,&quot;initial_scale&quot;:&quot;1&quot;,&quot;max_scale&quot;:&quot;1.5&quot;,&quot;min_scale&quot;:&quot;0.5&quot;,&quot;initial_rotate&quot;:&quot;0&quot;,&quot;end_rotate&quot;:&quot;30&quot;,&quot;initial_blur&quot;:&quot;0&quot;,&quot;end_blur&quot;:&quot;3&quot;,&quot;start_element&quot;:&quot;top&quot;,&quot;start_viewport&quot;:&quot;bottom&quot;,&quot;end_element&quot;:&quot;bottom&quot;,&quot;end_viewport&quot;:&quot;top&quot;,&quot;mouse_effect&quot;:&quot;track&quot;,&quot;mouse_effect_direction&quot;:&quot;opposite&quot;,&quot;mouse_effect_speed&quot;:&quot;2&quot;,&quot;infinite_animation&quot;:&quot;float&quot;,&quot;infinite_animation_speed&quot;:&quot;2&quot;}]\" data-scroll-devices=\"small-visibility,medium-visibility,large-visibility\"><div class=\"fusion-column-wrapper fusion-column-has-shadow fusion-flex-justify-content-flex-start fusion-content-layout-column\"><div class=\"fusion-title title fusion-title-2 fusion-no-medium-visibility fusion-no-large-visibility fusion-sep-none fusion-title-text fusion-title-size-three\" style=\"--awb-margin-top:20px;--awb-margin-bottom:20px;\"><h3 class=\"fusion-title-heading title-heading-left fusion-responsive-typography-calculated\" style=\"margin:0;--fontSize:37;line-height:var(--awb-typography1-line-height);\"><strong>Wir gestalten Quartiere mit Weitblick.<\/strong><\/h3><\/div><div class=\"fusion-text fusion-text-2 fusion-no-medium-visibility fusion-no-large-visibility\" style=\"--awb-content-alignment:left;\"><p>Die Anforderungen an das Leben in Quartieren befinden sich in einem <strong>tiefgreifenden Wandel<\/strong>. Wohnungsunternehmen werden mit einer Vielzahl von Herausforderungen konfrontiert. <strong>Wir helfen Ihnen<\/strong> dabei, ein Quartier zu gestalten, welches seine individuelle Wertigkeit, seinen Charakter und seine Nutzungsm\u00f6glichkeiten auf nachhaltige Art und Weise neu konzipiert.<\/p>\n<p><strong>Von der Atmosph\u00e4re und Aura des Ortes zur Vision:<\/strong> Gemeinsam finden wir auf <strong>Ihr Quartier abgestimmte L\u00f6sungen<\/strong> zu einer gr\u00fcn-blauen Infrastruktur, erneuerbaren Energien, neu gedachten Mobilit\u00e4tskonzepten, innovativen und flexiblen Wohnungskonzepten uvm. Der kreativen Gestaltung Ihres <strong>zukunftsf\u00e4higen Wohnquartiers<\/strong> sind keine Grenzen gesetzt.<\/p>\n<p>Um nachhaltige Quartiersentwicklungen ansto\u00dfen und umsetzen zu k\u00f6nnen, k\u00fcmmern wir uns um eine <strong>erfolgreiche Partizipation und die Umsetzung individueller L\u00f6sungsans\u00e4tze<\/strong>, indem wir Bewohner:innen, verantwortliche Akteure der Wohnungsunternehmen sowie engagierte Planer:innen zusammenzubringen.<\/p>\n<p>Aber auch die Finanzierung muss gesichert sein: Wir unterst\u00fctzen Sie bei der Auswahl von <strong>F\u00f6rderprogrammen<\/strong> f\u00fcr die Realisierung Ihrer einzelnen Vorhaben. Ihnen steht ein <strong>interdisziplin\u00e4res Team<\/strong>, das die stadtplanerischen Themenstellungen in ihrer Komplexit\u00e4t und Vielfalt beleuchten, analysieren und konzeptionell gestalten kann, zur Seite. Wir freuen uns darauf, gemeinsam mit Ihnen ein <span style=\"color: #0000ff;\"><em><a style=\"color: #0000ff;\" href=\"https:\/\/www.staedtebau-chemnitz.de\/index.php\/interview-stadtplanung-mit-fokus-auf-die-quartiersentwicklung\/\"><strong>Quartier mit Weitblick<\/strong><\/a><\/em><\/span> zu gestalten.<\/p>\n<\/div><div class=\"fusion-separator fusion-no-medium-visibility fusion-no-large-visibility fusion-full-width-sep\" style=\"align-self: center;margin-left: auto;margin-right: auto;width:100%;\"><\/div><\/div><\/div><\/div><\/div><div class=\"fusion-fullwidth fullwidth-box fusion-builder-row-3 fusion-flex-container has-pattern-background has-mask-background nonhundred-percent-fullwidth non-hundred-percent-height-scrolling\" style=\"--awb-border-radius-top-left:0px;--awb-border-radius-top-right:0px;--awb-border-radius-bottom-right:0px;--awb-border-radius-bottom-left:0px;--awb-padding-top:60px;--awb-padding-bottom:60px;--awb-background-color:var(--awb-color2);--awb-flex-wrap:wrap;\" ><div class=\"fusion-builder-row fusion-row fusion-flex-align-items-flex-start fusion-flex-content-wrap\" style=\"max-width:1248px;margin-left: calc(-4% \/ 2 );margin-right: calc(-4% \/ 2 );\"><div class=\"fusion-layout-column fusion_builder_column fusion-builder-column-3 fusion_builder_column_1_1 1_1 fusion-flex-column\" style=\"--awb-bg-size:cover;--awb-width-large:100%;--awb-margin-top-large:0px;--awb-spacing-right-large:1.92%;--awb-margin-bottom-large:20px;--awb-spacing-left-large:1.92%;--awb-width-medium:100%;--awb-order-medium:0;--awb-spacing-right-medium:1.92%;--awb-spacing-left-medium:1.92%;--awb-width-small:100%;--awb-order-small:0;--awb-spacing-right-small:1.92%;--awb-spacing-left-small:1.92%;\"><div class=\"fusion-column-wrapper fusion-column-has-shadow fusion-flex-justify-content-flex-start fusion-content-layout-column\"><div class=\"accordian fusion-accordian\" style=\"--awb-border-size:1px;--awb-icon-size:16px;--awb-content-font-size:var(--awb-typography4-font-size);--awb-icon-alignment:left;--awb-hover-color:var(--awb-color2);--awb-border-color:var(--awb-color3);--awb-background-color:var(--awb-color1);--awb-divider-color:var(--awb-color3);--awb-divider-hover-color:var(--awb-color3);--awb-icon-color:var(--awb-color1);--awb-title-color:var(--awb-color8);--awb-content-color:var(--awb-color8);--awb-icon-box-color:var(--awb-color8);--awb-toggle-hover-accent-color:var(--awb-color5);--awb-title-font-family:var(--awb-typography1-font-family);--awb-title-font-weight:var(--awb-typography1-font-weight);--awb-title-font-style:var(--awb-typography1-font-style);--awb-title-font-size:24px;--awb-content-font-family:var(--awb-typography4-font-family);--awb-content-font-weight:var(--awb-typography4-font-weight);--awb-content-font-style:var(--awb-typography4-font-style);\"><div class=\"panel-group fusion-toggle-icon-boxed\" id=\"accordion-8403-1\"><div class=\"fusion-panel panel-default panel-0d086c5f578697952 fusion-toggle-has-divider\" style=\"--awb-title-color:var(--awb-color8);\"><div class=\"panel-heading\"><h4 class=\"panel-title toggle\" id=\"toggle_0d086c5f578697952\"><a aria-expanded=\"false\" aria-controls=\"0d086c5f578697952\" role=\"button\" data-toggle=\"collapse\" data-parent=\"#accordion-8403-1\" data-target=\"#0d086c5f578697952\" href=\"#0d086c5f578697952\"><span class=\"fusion-toggle-icon-wrapper\" aria-hidden=\"true\"><i class=\"fa-fusion-box active-icon awb-icon-minus\" aria-hidden=\"true\"><\/i><i class=\"fa-fusion-box inactive-icon awb-icon-plus\" aria-hidden=\"true\"><\/i><\/span><span class=\"fusion-toggle-heading\">Architektonische und St\u00e4dtebauliche Betrachtung<\/span><\/a><\/h4><\/div><div id=\"0d086c5f578697952\" class=\"panel-collapse collapse \" aria-labelledby=\"toggle_0d086c5f578697952\"><div class=\"panel-body toggle-content fusion-clearfix\">\n<p>Die <strong>architektonischen und st\u00e4dtebaulichen Betrachtungen<\/strong> sind wichtige Aspekte bei der <strong>Planung und Entwicklung von Quartieren<\/strong>. Beide Disziplinen zielen darauf ab, lebenswerte, \u00e4sthetisch ansprechende und nachhaltige <strong>Lebensr\u00e4ume<\/strong> zu schaffen.<\/p>\n<h5><strong>St\u00e4dtebauliche Analyse und Bestandserfassung:<\/strong><\/h5>\n<p>Wir f\u00fchren <strong>umfassende Analysen<\/strong> bestehender st\u00e4dtebaulicher Strukturen durch und <strong>erfassen den aktuellen Bestand<\/strong>, um ein <strong>fundiertes Verst\u00e4ndnis<\/strong> f\u00fcr die r\u00e4umlichen Gegebenheiten und Potenziale zu erlangen. Dabei beleuchten wir auch den architektonischen Blickwinkel und setzen uns mit der <strong>visuellen Wirkung von Geb\u00e4uden und der Umgebung<\/strong> auseinander.<\/p>\n<p>Wir <strong>analysieren die \u00c4sthetik<\/strong> und charakterisieren vorhandene Formen, Linien, Farben und Texturen. Diese Analyse bildet die <strong>Grundlage f\u00fcr weiterf\u00fchrende Planungsprozesse<\/strong>.<\/p>\n<h5><strong>St\u00e4dtebauliche Beratung und Entw\u00fcrfe:<\/strong><\/h5>\n<p>Unsere <strong>st\u00e4dtebauliche Beratung<\/strong> umfasst die fachkundige Unterst\u00fctzung bei t\u00e4glichen Entscheidungen und Fragen rund um das Thema der Stadt- und Quartiersentwicklung. Wir <strong>bieten individuelle L\u00f6sungen<\/strong> und stehen Ihnen mit unserer Expertise und Erfahrung zur Seite.<\/p>\n<p>Wir <strong>entwickeln st\u00e4dtebauliche Entw\u00fcrfe als informelle Planart<\/strong> f\u00fcr unterschiedliche Ma\u00dfst\u00e4be und Anforderungen. Die <strong>Entw\u00fcrfe f\u00fcr die Neugestaltung eines Quartiers<\/strong> spiegeln dabei die Basis f\u00fcr die Entwicklung von Bebauungspl\u00e4nen wider.<\/p>\n<h5><strong>Machbarkeitsstudie:<\/strong><\/h5>\n<p>Unsere <strong>Machbarkeitsstudien<\/strong> bieten eine fundierte <strong>Bewertung der Realisierbarkeit<\/strong> von st\u00e4dtebaulichen Projekten. Sie ist in der Regel Grundlage f\u00fcr strategische Entscheidungen zu einer Stadt, einem Quartier, einem Bauwerk oder komplexer Themenkombinationen im <strong>Bereich der Stadt- oder Standortentwicklung<\/strong> und hat im Wesentlichen f\u00fcnf Funktionen: Analyse, Konzeption, Konsensfindung, Orientierung, Steuerung und Kontrolle.<\/p>\n<h5><strong>Gestaltungssatzung:<\/strong><\/h5>\n<p>Wir <strong>entwickeln Gestaltungssatzungen<\/strong>, um eine qualitative und gestalterisch ansprechende Entwicklung von Bauvorhaben sicherzustellen. Diese Satzungen legen verbindliche Regeln und Standards fest, die die st\u00e4dtebauliche Qualit\u00e4t langfristig sichern.<\/p>\n<h5><strong>Raumkonzept:<\/strong><\/h5>\n<p>Unsere <strong>Raumkonzepte<\/strong> bieten eine <strong>strukturierte Planung und Organisation von \u00f6ffentlichen und privaten R\u00e4umen<\/strong>. Wir <strong>entwickeln innovative Konzepte<\/strong> f\u00fcr die <strong>Nutzung und Gestaltung von st\u00e4dtischen Freir\u00e4umen, Pl\u00e4tzen und Gr\u00fcnfl\u00e4chen<\/strong>.<\/p>\n<h5><strong>St\u00e4dtebauliche Vision:<\/strong><\/h5>\n<p>Wir <strong>entwickeln vision\u00e4re Konzepte und Ideen<\/strong> f\u00fcr die <strong>langfristige Entwicklung von St\u00e4dten und Quartieren<\/strong>. Diese <strong>st\u00e4dtebaulichen Visionen<\/strong> bieten <strong>Orientierung und Inspiration<\/strong> f\u00fcr zuk\u00fcnftige Entwicklungen und <strong>geben Impulse f\u00fcr eine nachhaltige Quartiersentwicklung<\/strong>.<\/p>\n<h5><strong>Visualisierungen 2D \/ 3D:<\/strong><\/h5>\n<p>Unsere Visualisierungen bieten eine <strong>anschauliche Darstellung st\u00e4dtebaulicher Entw\u00fcrfe und Ideen<\/strong>. Wir erstellen hochwertige 2D- und 3D-Visualisierungen mit Hilfe von \u201eSketchUp\u201c, Vectorworks und Photoshop, aber auch mit Handzeichnungen, Kollagen und Modellen, um komplexe Planungsinhalte schon fr\u00fchzeitig <strong>verst\u00e4ndlich<\/strong> zu pr\u00e4sentieren und eine <strong>realistische Vorstellung der geplanten Projekte<\/strong> zu vermitteln.<\/p>\n<\/div><\/div><\/div><div class=\"fusion-panel panel-default panel-df82327ccbfb59224 fusion-toggle-has-divider\" style=\"--awb-title-color:var(--awb-color8);\"><div class=\"panel-heading\"><h4 class=\"panel-title toggle\" id=\"toggle_df82327ccbfb59224\"><a aria-expanded=\"false\" aria-controls=\"df82327ccbfb59224\" role=\"button\" data-toggle=\"collapse\" data-parent=\"#accordion-8403-1\" data-target=\"#df82327ccbfb59224\" href=\"#df82327ccbfb59224\"><span class=\"fusion-toggle-icon-wrapper\" aria-hidden=\"true\"><i class=\"fa-fusion-box active-icon awb-icon-minus\" aria-hidden=\"true\"><\/i><i class=\"fa-fusion-box inactive-icon awb-icon-plus\" aria-hidden=\"true\"><\/i><\/span><span class=\"fusion-toggle-heading\">Beratung zu Verkehr und Mobilit\u00e4t<\/span><\/a><\/h4><\/div><div id=\"df82327ccbfb59224\" class=\"panel-collapse collapse \" aria-labelledby=\"toggle_df82327ccbfb59224\"><div class=\"panel-body toggle-content fusion-clearfix\">\n<p>Durch die <strong>F\u00f6rderung von nachhaltiger Mobilit\u00e4t<\/strong> k\u00f6nnen wir dazu beitragen, die negativen Auswirkungen des Verkehrs auf die Umwelt zu reduzieren, gleichzeitig die <strong>Lebensqualit\u00e4t innerhalb Ihres Quartiers zu verbessern<\/strong> und eine <strong>angenehme Atmosph\u00e4re herzustellen<\/strong>.<\/p>\n<p>Unser B\u00fcro bietet daher verschiede Beratungsleistungen zu Verkehr und Mobilit\u00e4t.<\/p>\n<h5><strong>Bestandserfassung und -entwicklung der Verkehrssituation:<\/strong><\/h5>\n<p>Wir <strong>analysieren die bestehende Verkehrssituation<\/strong> innerhalb Ihres Quartiers, <strong>erfassen bestehende Verkehrsangebote<\/strong>, pr\u00fcfen Bestandteile wie die <strong>Barrierefreiheit<\/strong> und <strong>bewerten vorhandene Ausstattungselemente<\/strong>, um <strong>Schwachstellen<\/strong> zu identifizieren und <strong>Verbesserungspotenziale<\/strong> aufzuzeigen.<\/p>\n<h5><strong>Ideenentwicklung zur Einbindung verkehrsberuhigender Elemente: <\/strong><\/h5>\n<p>Wir <strong>entwickeln kreative Denkans\u00e4tze<\/strong> zur Integration von verkehrsberuhigenden Ma\u00dfnahmen, um die <strong>Aufenthaltsqualit\u00e4t<\/strong> in Ihrem Quartier und im \u00f6ffentlichen Raum zu steigern.<\/p>\n<h5><strong>Konzeption f\u00fcr innovative Mobilit\u00e4t:<\/strong><\/h5>\n<p>Wir <strong>erarbeiten Ideen<\/strong> und unterbreiten Ihnen Vorschl\u00e4ge f\u00fcr m\u00f6gliche <strong>Mobilit\u00e4tskonzeptionen<\/strong> in Ihrem Quartier, welche die verschiedenen Verkehrsmittel ber\u00fccksichtigen.<\/p>\n<h5><strong>Empfehlung f\u00fcr neue Wegeverbindungen:<\/strong><\/h5>\n<p>Wir streben als Gesellschaft danach, <strong>urbane Lebensr\u00e4ume<\/strong> so zu gestalten, dass die Bewohner:innen innerhalb k\u00fcrzester Zeit (<strong>Konzept der 15-Minuten-Stadt<\/strong>) all ihre t\u00e4glichen Ziele zu Fu\u00df oder mit dem Fahrrad erreichen k\u00f6nnen. Wir geben Ihnen <strong>Empfehlungen f\u00fcr neue Wegeverbindungen<\/strong>, um kurze und attraktive Verbindungen in Ihrem Quartier zu schaffen.<\/p>\n<h5><strong>Vorschl\u00e4ge zur Vernetzung umweltfreundlicher L\u00f6sungen und Mobilit\u00e4tsangebote:<\/strong><\/h5>\n<p>Wir erarbeiten <strong>Vorschl\u00e4ge zur Vernetzung von umweltfreundlichen Verkehrsmitteln<\/strong>, um eine <strong>nachhaltige Mobilit\u00e4t zu f\u00f6rdern<\/strong> und den motorisierten Individualverkehr zu reduzieren. Wir zeigen Ihnen <strong>Mobilit\u00e4tsangebote<\/strong> auf, wie beispielswiese Sharing-M\u00f6glichkeiten, welche u.a. langfristig dazu beitragen, Parkplatzprobleme zu l\u00f6sen und die individuelle Mobilit\u00e4t nachhaltiger zu gestalten.<\/p>\n<p>Unser Stadtplanungsb\u00fcro ist Ihnen gern dabei behilflich, gemeinsam innovative und zukunftsorientierte <strong>L\u00f6sungen im Bereich der nachhaltigen Mobilit\u00e4t<\/strong> f\u00fcr Ihr Quartier zu entwickeln.<\/p>\n<\/div><\/div><\/div><div class=\"fusion-panel panel-default panel-e2df2c135f1c0cfb5 fusion-toggle-has-divider\" style=\"--awb-title-color:var(--awb-color8);\"><div class=\"panel-heading\"><h4 class=\"panel-title toggle\" id=\"toggle_e2df2c135f1c0cfb5\"><a aria-expanded=\"false\" aria-controls=\"e2df2c135f1c0cfb5\" role=\"button\" data-toggle=\"collapse\" data-parent=\"#accordion-8403-1\" data-target=\"#e2df2c135f1c0cfb5\" href=\"#e2df2c135f1c0cfb5\"><span class=\"fusion-toggle-icon-wrapper\" aria-hidden=\"true\"><i class=\"fa-fusion-box active-icon awb-icon-minus\" aria-hidden=\"true\"><\/i><i class=\"fa-fusion-box inactive-icon awb-icon-plus\" aria-hidden=\"true\"><\/i><\/span><span class=\"fusion-toggle-heading\">Gr\u00fcnkonzeptionen und Freiraumplanung<\/span><\/a><\/h4><\/div><div id=\"e2df2c135f1c0cfb5\" class=\"panel-collapse collapse \" aria-labelledby=\"toggle_e2df2c135f1c0cfb5\"><div class=\"panel-body toggle-content fusion-clearfix\">\n<p><strong>Freir\u00e4ume<\/strong> tragen wesentlich zur <strong>Verbesserung des lokalen Mikroklimas<\/strong> bei, fungieren als <strong>\u201egr\u00fcne Lunge\u201c innerhalb urbaner Gebiete<\/strong> und haben einen <strong>hohen Stellenwert f\u00fcr den Artenschutz<\/strong>. Dar\u00fcber hinaus dienen sie <strong>als Orte der kreativen Entfaltung und des kulturellen Austauschs<\/strong>. Sie bieten Raum f\u00fcr Veranstaltungen und Initiativen, die das Quartier beleben und seine Identit\u00e4t st\u00e4rken. Durch eine <strong>sinnvolle Gestaltung und Pflege dieser Freir\u00e4ume<\/strong> k\u00f6nnen sie <strong>zu zentralen Ankerpunkten im Quartier<\/strong> werden.<\/p>\n<h5><strong>Entwicklung eines Freifl\u00e4chenmanagements mit Hilfe von Geoinformationssystemen:<\/strong><\/h5>\n<p>Wir nutzen Geoinformationssysteme (GIS), um alle relevanten Daten zu b<strong>estehenden Freifl\u00e4chen effizient erfassen, analysieren, strukturieren und organisieren<\/strong> zu k\u00f6nnen. Durch die Analyse von Geodaten und r\u00e4umlichen Informationen k\u00f6nnen <strong>Potentiale und Entwicklungsm\u00f6glichkeiten<\/strong> einfacher erkannt und die Qualit\u00e4t durch schrittweise Umgestaltungen und angepasste Nutzungs- oder Pflegekonzepte individuell entwickelt werden. Es dient als Grundlage f\u00fcr Ausschreibungen, zuk\u00fcnftige Planungen, transparente \u00dcbersichten der Betriebskostenabrechnungen uvm. Wir <strong>geben Ihnen ein Instrument an die Hand<\/strong>, mit welchem Sie sinnvoll, effektiv und geplant ihre <strong>Wohngebiete zukunftsf\u00e4hig entwickeln<\/strong> k\u00f6nnen und das <strong>Kosten-Nutzen-Verh\u00e4ltnis<\/strong> im Blick behalten.<\/p>\n<h5><strong>Konzeption und Entw\u00fcrfe f\u00fcr Neubau, Instandsetzung und Instandhaltung: <\/strong><\/h5>\n<p>Unser Team entwickelt <strong>ganzheitliche Konzepte und Entw\u00fcrfe f\u00fcr Neubauvorhaben<\/strong> sowie die <strong>Instandsetzung und Instandhaltung bestehender Freifl\u00e4chen<\/strong>. Dabei legen wir besonderen Wert auf eine <strong>nachhaltige und zukunftsorientierte Planung<\/strong>.<\/p>\n<h5><strong>Bestandsentwicklung kurz-, mittel- und langfristig: <\/strong><\/h5>\n<p>Wir unterst\u00fctzen Sie bei der <strong>Entwicklung von langfristigen Strategien<\/strong> zur <strong>nachhaltigen Nutzung und Weiterentwicklung ihrer Freianlagen<\/strong>. Durch eine <strong>umfassende Analyse<\/strong> der aktuellen Situation identifizieren wir <strong>Potenziale zur Optimierung<\/strong> und setzen zielgerichtet und kostensparend Ma\u00dfnahmen um.<\/p>\n<h5><strong>Objektplanung: <\/strong><\/h5>\n<p>Unser B\u00fcro \u00fcbernimmt die <strong>ganzheitliche Objektplanung<\/strong> f\u00fcr Bauvorhaben aller Art, von der ersten Idee bis zur Umsetzung. Wir begleiten unsere Kunden:innen durch <strong>den gesamten Planungsprozess<\/strong> und sorgen f\u00fcr eine <strong>erfolgreiche Realisierung<\/strong> Ihrer Projekte.<\/p>\n<h5><strong>Entwicklung klimaresilienter Quartiere und identit\u00e4tsstiftender Ma\u00dfnahmen: <\/strong><\/h5>\n<p>Wir <strong>entwickeln Konzepte f\u00fcr klimaresiliente Quartiere<\/strong>, die den Herausforderungen des Klimawandels gewachsen sind und zugleich <strong>lebenswerte und identit\u00e4tsstiftende Lebensr\u00e4ume schaffen<\/strong>. Dabei integrieren wir <strong>innovative L\u00f6sungen<\/strong> f\u00fcr den Umgang mit Hitze, Starkregen und anderen klimatischen Risiken.<\/p>\n<h5><strong>Pflegemanagement: <\/strong><\/h5>\n<p>Unzureichende, nicht fachgerechte Pflege oder falsche Entwicklung f\u00fchren oft zur Verwahrlosung von Freianlagen und Verursachung unn\u00f6tiger Mehrkosten. Wir entwickeln daher <strong>individuelle Pflegekonzepte<\/strong> und unterst\u00fctzen Sie bei der <strong>Organisation und Koordination<\/strong> aller erforderlichen Ma\u00dfnahmen zur Pflege und Instandhaltung von Freianlagen.<\/p>\n<\/div><\/div><\/div><div class=\"fusion-panel panel-default panel-18d1035bafad1ac90 fusion-toggle-has-divider\" style=\"--awb-title-color:var(--awb-color8);\"><div class=\"panel-heading\"><h4 class=\"panel-title toggle\" id=\"toggle_18d1035bafad1ac90\"><a aria-expanded=\"false\" aria-controls=\"18d1035bafad1ac90\" role=\"button\" data-toggle=\"collapse\" data-parent=\"#accordion-8403-1\" data-target=\"#18d1035bafad1ac90\" href=\"#18d1035bafad1ac90\"><span class=\"fusion-toggle-icon-wrapper\" aria-hidden=\"true\"><i class=\"fa-fusion-box active-icon awb-icon-minus\" aria-hidden=\"true\"><\/i><i class=\"fa-fusion-box inactive-icon awb-icon-plus\" aria-hidden=\"true\"><\/i><\/span><span class=\"fusion-toggle-heading\">Klimaschutz und Energieplanung<\/span><\/a><\/h4><\/div><div id=\"18d1035bafad1ac90\" class=\"panel-collapse collapse \" aria-labelledby=\"toggle_18d1035bafad1ac90\"><div class=\"panel-body toggle-content fusion-clearfix\">\n<p>Die Klimaschutz- und Energieplanung ist ein <strong>entscheidender Bestandteil der nachhaltigen Entwicklung von Quartieren<\/strong>. Durch <strong>ganzheitliche Strategien<\/strong> verbessern Quartiere ihre Energieeffizienz, verringern fossile Brennstoffabh\u00e4ngigkeit und tragen zu <strong>Klimaschutzzielen<\/strong> bei. Ziel ist dabei u.a., die <strong>Resilienz gegen Klimawandelfolgen<\/strong> zu st\u00e4rken und die <strong>Aufenthaltsqualit\u00e4t zu verbessern<\/strong>. Die Energieplanung ber\u00fccksichtigt Aspekte wie die <strong>Effizienzsteigerung<\/strong> in Geb\u00e4uden, den <strong>Ausbau erneuerbarer Energien<\/strong> und die <strong>Sensibilisierung f\u00fcr einen bewussten Energieverbrauch<\/strong>.<\/p>\n<h5><strong>Integrierte Energiekonzepte kurz-, mittel- und langfristig f\u00fcr Geb\u00e4ude und Quartiere: <\/strong><\/h5>\n<p>Wir <strong>entwickeln ma\u00dfgeschneiderte Energiekonzepte,<\/strong> die eine <strong>nachhaltige und effiziente Energieversorgung f\u00fcr Ihre Geb\u00e4ude und Quartiere<\/strong> gew\u00e4hrleisten. Dabei ber\u00fccksichtigen wir die Nutzung erneuerbarer Energien und Energieeffizienzma\u00dfnahmen f\u00fcr eine langfristige Reduzierung des Energieverbrauchs. Wir zeigen Ihnen <strong>L\u00f6sungen auf, welche kurz-, mittel- oder langfristig im Bestand<\/strong> umgesetzt werden k\u00f6nnen.<\/p>\n<h5><strong>Eignungspr\u00fcfung Standorte f\u00fcr erneuerbare Energien: <\/strong><\/h5>\n<p>Unser Team f\u00fchrt <strong>detaillierte Standortanalysen<\/strong> durch, um das <strong>Potenzial f\u00fcr die Nutzung erneuerbarer Energien<\/strong> wie Solarenergie, Windenergie oder Geothermie zu bewerten. Wir <strong>identifizieren geeignete Standorte<\/strong> und unterst\u00fctzen Sie bei der Umsetzung nachhaltiger Energieprojekte.<\/p>\n<h5><strong>Nachhaltige Dach- und Fassadengestaltung: <\/strong><\/h5>\n<p>Wir bieten <strong>innovative Vorschl\u00e4ge f\u00fcr die Gestaltung von D\u00e4chern und Fassaden<\/strong>, die nicht nur \u00e4sthetisch ansprechend sind, sondern auch zur Energieeffizienz und Umweltvertr\u00e4glichkeit beitragen. Durch den Einsatz von gr\u00fcnen D\u00e4chern und Fassaden kann das <strong>Mikroklima<\/strong> verbessert, die L\u00e4rmbelastung in urbanen Gebieten verringert und Schadstoffe aus der Luft gefiltert werden.<\/p>\n<h5><strong>Planung blau-gr\u00fcner Infrastruktur: <\/strong><\/h5>\n<p>Unser B\u00fcro <strong>konzipiert ganzheitliche Konzepte<\/strong> zur Integration von <strong>blau-gr\u00fcnen Infrastrukturelementen<\/strong> in Ihren Quartieren. Wir gestalten \u00f6ffentliche Pl\u00e4tze, Parks und Wasserfl\u00e4chen <strong>nach \u00f6kologischen Gesichtspunkten<\/strong> und f\u00f6rdern die <strong>Biodiversit\u00e4t<\/strong> sowie das <strong>Mikroklima in urbanen Gebieten<\/strong>.<\/p>\n<h5><strong>Beratung zu Einsparpotenzialen, Kostensenkungsm\u00f6glichkeiten und B\u00fcrgerbeteiligungsmodellen: <\/strong><\/h5>\n<p>Wir unterst\u00fctzen unsere Kunden bei der <strong>Identifizierung von Einsparpotenzialen im Energieverbrauch<\/strong> und zeigen <strong>M\u00f6glichkeiten zur Kostensenkung<\/strong> auf. Zudem k\u00f6nnen wir Sie beraten, wie sich die <strong>Einwohner:innen finanziell an erneuerbaren Energieprojekten beteiligen<\/strong> k\u00f6nnen. Durch ihre Teilnahme erhalten B\u00fcrger:innen nicht nur eine finanzielle Rendite, sondern entwickeln auch eine st\u00e4rkere Identifikation mit dem Geschehen vor Ort, wodurch die lokale Akzeptanz gest\u00e4rkt werden soll.<\/p>\n<p>Unser Team ist Ihnen gern dabei behilflich, <strong>ein klima- und energiefreundliches Quartier<\/strong>, welches die <strong>\u00f6kologischen, \u00f6konomischen und sozialen Aspekte<\/strong> gleicherma\u00dfen ber\u00fccksichtigt und <strong>einen wichtigen Beitrag zum Klimaschutz<\/strong> leistet, zu entwickeln.<\/p>\n<\/div><\/div><\/div><\/div><\/div><div class=\"fusion-separator fusion-full-width-sep\" style=\"align-self: center;margin-left: auto;margin-right: auto;margin-top:30px;width:100%;\"><\/div><div class=\"accordian fusion-accordian\" style=\"--awb-border-size:1px;--awb-icon-size:16px;--awb-content-font-size:var(--awb-typography4-font-size);--awb-icon-alignment:left;--awb-hover-color:var(--awb-color2);--awb-border-color:var(--awb-color3);--awb-background-color:var(--awb-color1);--awb-divider-color:var(--awb-color3);--awb-divider-hover-color:var(--awb-color3);--awb-icon-color:var(--awb-color1);--awb-title-color:var(--awb-color8);--awb-content-color:var(--awb-color8);--awb-icon-box-color:var(--awb-color8);--awb-toggle-hover-accent-color:var(--awb-color5);--awb-title-font-family:var(--awb-typography1-font-family);--awb-title-font-weight:var(--awb-typography1-font-weight);--awb-title-font-style:var(--awb-typography1-font-style);--awb-title-font-size:24px;--awb-content-font-family:var(--awb-typography4-font-family);--awb-content-font-weight:var(--awb-typography4-font-weight);--awb-content-font-style:var(--awb-typography4-font-style);\"><div class=\"panel-group fusion-toggle-icon-boxed\" id=\"accordion-8403-2\"><div class=\"fusion-panel panel-default panel-d923b2a1b601c8695 fusion-toggle-has-divider\" style=\"--awb-title-color:var(--awb-color8);\"><div class=\"panel-heading\"><h4 class=\"panel-title toggle\" id=\"toggle_d923b2a1b601c8695\"><a aria-expanded=\"false\" aria-controls=\"d923b2a1b601c8695\" role=\"button\" data-toggle=\"collapse\" data-parent=\"#accordion-8403-2\" data-target=\"#d923b2a1b601c8695\" href=\"#d923b2a1b601c8695\"><span class=\"fusion-toggle-icon-wrapper\" aria-hidden=\"true\"><i class=\"fa-fusion-box active-icon awb-icon-minus\" aria-hidden=\"true\"><\/i><i class=\"fa-fusion-box inactive-icon awb-icon-plus\" aria-hidden=\"true\"><\/i><\/span><span class=\"fusion-toggle-heading\">Beteiligung<\/span><\/a><\/h4><\/div><div id=\"d923b2a1b601c8695\" class=\"panel-collapse collapse \" aria-labelledby=\"toggle_d923b2a1b601c8695\"><div class=\"panel-body toggle-content fusion-clearfix\">\n<p>Bei der Quartiersplanung geht es um die <strong>ganzheitliche Entwicklung eines Quartiers<\/strong> mit dessen r\u00e4umlichen und sozialen Strukturen. B\u00fcrger:innen k\u00f6nnen sich durch unterschiedliche <strong>Beteiligungsformate<\/strong> aktiv bei der <strong>Gestaltung ihres Lebensumfeldes<\/strong> einbringen. Aber auch Projektbeteiligte aus Verwaltung, Politik und Wirtschaft bekommen die M\u00f6glichkeit, sich zu Konzepten und Ideen zu \u00e4u\u00dfern und auf die sp\u00e4tere Ausgestaltung direkt Einfluss zu nehmen.<\/p>\n<h5><strong>Zusammenbringen von Projektpartner:innen: <\/strong><\/h5>\n<p>Wir bringen die verschiedenen Akteure und Projektpartner:innen zusammen, um <strong>gemeinsam an L\u00f6sungen f\u00fcr st\u00e4dtische Herausforderungen zu arbeiten<\/strong>. Durch den <strong>Dialog und die Zusammenarbeit<\/strong> zwischen den Partner:innen k\u00f6nnen <strong>Synergien geschaffen<\/strong> und <strong>gemeinsame Ziele definiert<\/strong> werden.<\/p>\n<h5><strong>Partizipationsprozesse innerhalb und kommunikations\u00fcbergreifend: <\/strong><\/h5>\n<p>Wir <strong>gestalten Partizipationsprozesse<\/strong> sowohl innerhalb der Projektteams als auch in der Kommunikation mit \u00c4mtern und Fachplanenden, um eine breite Beteiligung und<strong> eine effektive Zusammenarbeit<\/strong> zu gew\u00e4hrleisten. Ein gut gestalteter Partizipationsprozess <strong>st\u00e4rkt das Vertrauen zwischen B\u00fcrger:innen<\/strong>, <strong>Verwaltung und Planenden<\/strong> und tr\u00e4gt <strong>zu nachhaltigen und akzeptierten L\u00f6sungen<\/strong> bei.<\/p>\n<h5><strong>Planungs- und Baukommunikation (Begleitung) mit Mietern: <\/strong><\/h5>\n<p>Wir begleiten und unterst\u00fctzen Sie bei der <strong>Planungs- und Baukommunikation<\/strong> mit den betroffenen Beteiligten und helfen, ihre Anliegen und Bed\u00fcrfnisse in den Prozess zu integrieren. Eine <strong>verst\u00e4ndliche Kommunikation<\/strong> umfasst dabei beispielsweise Informationen zu geplanten Ma\u00dfnahmen, m\u00f6glichen Auswirkungen auf die Umgebung sowie die Bereitstellung von Kontaktm\u00f6glichkeiten f\u00fcr Fragen und Anliegen der B\u00fcrger:innen.<\/p>\n<h5><strong>Durchf\u00fchrung von Umfragen und Befragungen: <\/strong><\/h5>\n<p>Wir f\u00fchren <strong>Umfragen und Befragungen<\/strong> durch, um die <strong>Meinungen und Bed\u00fcrfnisse der B\u00fcrger:innen<\/strong> zu erfassen und in die Planung von Quartiersentwicklungsprojekten einzubeziehen. Es erm\u00f6glicht strukturierte Erfassungen von Informationen und Meinungen, die einen wertvollen <strong>Beitrag zur Entwicklung und Umsetzung von transparenten Projekten<\/strong> leisten.<\/p>\n<h5><strong>Einbeziehung junger Einwohner:innen und Kinder: <\/strong><\/h5>\n<p>Wir legen gro\u00dfen Wert auf die <strong>Einbeziehung junger Einwohner:innen und Kinder in den Planungsprozess<\/strong>, um ihre Perspektiven und Ideen zu ber\u00fccksichtigen und eine <strong>kinder- und jugendfreundliche Quartiersentwicklung<\/strong> zu f\u00f6rdern.<\/p>\n<h5><strong>Zugeschnittene innovative Beteiligungsformate: <\/strong><\/h5>\n<p>Wir <strong>entwickeln zugeschnittene und innovative Beteiligungsformate<\/strong> wie Postkartenaktionen, Schulwerkst\u00e4tten und interaktive Workshops, um eine vielf\u00e4ltige und inklusive Beteiligung der B\u00fcrger:innen zu erm\u00f6glichen. Diese <strong>Formate f\u00f6rdern die Teilhabe<\/strong> unterschiedlicher Bev\u00f6lkerungsgruppen und tragen zu einer breiten Akzeptanz und Unterst\u00fctzung von Projekten bei.<\/p>\n<p>Unser Stadtplanungsb\u00fcro steht f\u00fcr eine <strong>transparente, partizipative und zielgerichtete Quartiersentwicklung<\/strong>. Wir arbeiten eng mit unseren Kunden:innen und der lokalen Gemeinschaft zusammen, um <strong>gemeinsam lebenswerte und nachhaltige Quartiere zu gestalten<\/strong>.<\/p>\n<\/div><\/div><\/div><div class=\"fusion-panel panel-default panel-b496d28b01b2abcb0 fusion-toggle-has-divider\" style=\"--awb-title-color:var(--awb-color8);\"><div class=\"panel-heading\"><h4 class=\"panel-title toggle\" id=\"toggle_b496d28b01b2abcb0\"><a aria-expanded=\"false\" aria-controls=\"b496d28b01b2abcb0\" role=\"button\" data-toggle=\"collapse\" data-parent=\"#accordion-8403-2\" data-target=\"#b496d28b01b2abcb0\" href=\"#b496d28b01b2abcb0\"><span class=\"fusion-toggle-icon-wrapper\" aria-hidden=\"true\"><i class=\"fa-fusion-box active-icon awb-icon-minus\" aria-hidden=\"true\"><\/i><i class=\"fa-fusion-box inactive-icon awb-icon-plus\" aria-hidden=\"true\"><\/i><\/span><span class=\"fusion-toggle-heading\">F\u00f6rderm\u00f6glichkeiten<\/span><\/a><\/h4><\/div><div id=\"b496d28b01b2abcb0\" class=\"panel-collapse collapse \" aria-labelledby=\"toggle_b496d28b01b2abcb0\"><div class=\"panel-body toggle-content fusion-clearfix\">\n<h5><strong>F\u00f6rderprogramme f\u00fcr Wohnungsunternehmen <\/strong><\/h5>\n<p><strong>F\u00f6rdermittel f\u00fcr Quartiersentwicklung<\/strong> werden von verschiedenen \u00f6ffentlichen und privaten Stellen bereitgestellt, um die nachhaltige Entwicklung von Stadtvierteln durch Ma\u00dfnahmen wie Infrastrukturverbesserungen, Umweltschutz, soziale Integration und wirtschaftliche F\u00f6rderung zu unterst\u00fctzen.<\/p>\n<h5><strong>Modernisierung und Sanierung:<\/strong><\/h5>\n<p>F\u00f6rdermittel k\u00f6nnen Ihnen dabei helfen, bestehende Geb\u00e4ude zu modernisieren und zu sanieren. Diese umfassen u.a. Ma\u00dfnahmen zur Energieeffizienz, Barrierefreiheit und zur Verbesserung der Wohnstandards. Durch diese Ma\u00dfnahmen k\u00f6nnen Wohnungen sicherer, komfortabler und nachhaltiger gestaltet werden.<\/p>\n<h5><strong>Innovation und Nachhaltigkeit:<\/strong><\/h5>\n<p>Viele F\u00f6rderprogramme legen mittlerweile auch einen Schwerpunkt auf innovative Ans\u00e4tze und nachhaltige Bauweisen. Durch den Einsatz moderner Technologien und Materialien ist es m\u00f6glich, ein nachhaltiges Quartier zu schaffen und langfristig Energie- und Betriebskosten zu senken.<\/p>\n<h5><strong>St\u00e4rkung der Gemeinschaften:<\/strong><\/h5>\n<p>Durch die F\u00f6rderung kann zudem auch die Gemeinschaft innerhalb eines Quartiers und dar\u00fcber hinaus gest\u00e4rkt werden. Neue Wohnprojekte k\u00f6nnen zu einer Verbesserung der Infrastruktur, der sozialen Integration und der wirtschaftlichen Entwicklung beitragen.<\/p>\n<h5><strong>Interessante F\u00f6rderprogramme f\u00fcr Sie:<\/strong><strong>\u00a0<\/strong><\/h5>\n<ul>\n<li><a href=\"https:\/\/www.kfw.de\/inlandsfoerderung\/Unternehmen\/Wohnwirtschaft\/F%C3%B6rderprodukte\/Bundesf%C3%B6rderung-f%C3%BCr-effiziente-Geb%C3%A4ude-Wohngeb%C3%A4ude-Kredit-(261-262)\/\"><strong>Wohngeb\u00e4ude \u2013 Kredit (261) | KfW <i class=\"fb-icon-element-1 fb-icon-element fontawesome-icon fa-external-link-alt fas circle-no fusion-text-flow\" style=\"--awb-iconcolor:var(--awb-color6);--awb-font-size:15px;--awb-margin-right:7.5px;\"><\/i><\/strong><\/a><\/li>\n<li><a href=\"https:\/\/www.kfw.de\/inlandsfoerderung\/Privatpersonen\/Neubau\/F%C3%B6rderprodukte\/Klimafreundlicher-Neubau-Wohngeb%C3%A4ude-(297-298)\/\"><strong>Klimafreundlicher Neubau \u2013 Wohngeb\u00e4ude (297, 298) | KfW <\/strong><\/a><strong><a href=\"https:\/\/www.kfw.de\/inlandsfoerderung\/Unternehmen\/Wohnwirtschaft\/F%C3%B6rderprodukte\/Bundesf%C3%B6rderung-f%C3%BCr-effiziente-Geb%C3%A4ude-Wohngeb%C3%A4ude-Kredit-(261-262)\/\"><i class=\"fb-icon-element-2 fb-icon-element fontawesome-icon fa-external-link-alt fas circle-no fusion-text-flow\" style=\"--awb-iconcolor:var(--awb-color6);--awb-font-size:15px;--awb-margin-right:7.5px;\"><\/i><\/a><\/strong><\/li>\n<li><a href=\"https:\/\/www.kfw.de\/inlandsfoerderung\/%C3%96ffentliche-Einrichtungen\/Kommunen\/Quartiersversorgung\/F%C3%B6rderprodukte\/Nat%C3%BCrlicher-Klimaschutz-in-Kommunen-(444)\/\"><strong>Nat\u00fcrlicher Klimaschutz in Kommunen (444) | KfW <\/strong><\/a><strong><a href=\"https:\/\/www.kfw.de\/inlandsfoerderung\/Unternehmen\/Wohnwirtschaft\/F%C3%B6rderprodukte\/Bundesf%C3%B6rderung-f%C3%BCr-effiziente-Geb%C3%A4ude-Wohngeb%C3%A4ude-Kredit-(261-262)\/\"><i class=\"fb-icon-element-3 fb-icon-element fontawesome-icon fa-external-link-alt fas circle-no fusion-text-flow\" style=\"--awb-iconcolor:var(--awb-color6);--awb-font-size:15px;--awb-margin-right:7.5px;\"><\/i><\/a><\/strong><\/li>\n<li><a href=\"https:\/\/www.sab.sachsen.de\/sab-sachsenkredit-energie-und-speicher\"><strong>SAB Sachsenkredit Erneuerbare Energien und Speicher &#8211; sab.sachsen.de <\/strong><\/a><strong><a href=\"https:\/\/www.kfw.de\/inlandsfoerderung\/Unternehmen\/Wohnwirtschaft\/F%C3%B6rderprodukte\/Bundesf%C3%B6rderung-f%C3%BCr-effiziente-Geb%C3%A4ude-Wohngeb%C3%A4ude-Kredit-(261-262)\/\"><i class=\"fb-icon-element-4 fb-icon-element fontawesome-icon fa-external-link-alt fas circle-no fusion-text-flow\" style=\"--awb-iconcolor:var(--awb-color6);--awb-font-size:15px;--awb-margin-right:7.5px;\"><\/i><\/a><\/strong><\/li>\n<\/ul>\n<p>Wir helfen Ihnen gern dabei, die richtigen F\u00f6rderprogramme f\u00fcr Ihre Vorhaben zu finden.<\/p>\n<\/div><\/div><\/div><\/div><\/div><\/div><\/div><\/div><\/div><div class=\"fusion-fullwidth fullwidth-box fusion-builder-row-4 fusion-flex-container hundred-percent-fullwidth non-hundred-percent-height-scrolling\" style=\"--awb-border-color:var(--awb-color1);--awb-border-radius-top-left:0px;--awb-border-radius-top-right:0px;--awb-border-radius-bottom-right:0px;--awb-border-radius-bottom-left:0px;--awb-flex-wrap:wrap;\" ><div class=\"fusion-builder-row fusion-row fusion-flex-align-items-flex-start fusion-flex-content-wrap\" style=\"width:104% !important;max-width:104% !important;margin-left: calc(-4% \/ 2 );margin-right: calc(-4% \/ 2 );\"><div class=\"fusion-layout-column fusion_builder_column fusion-builder-column-4 fusion_builder_column_1_1 1_1 fusion-flex-column\" style=\"--awb-bg-size:cover;--awb-width-large:100%;--awb-margin-top-large:0px;--awb-spacing-right-large:1.92%;--awb-margin-bottom-large:20px;--awb-spacing-left-large:1.92%;--awb-width-medium:100%;--awb-order-medium:0;--awb-spacing-right-medium:1.92%;--awb-spacing-left-medium:1.92%;--awb-width-small:100%;--awb-order-small:0;--awb-spacing-right-small:1.92%;--awb-spacing-left-small:1.92%;\"><div class=\"fusion-column-wrapper fusion-column-has-shadow fusion-flex-justify-content-flex-start fusion-content-layout-column\"><div class=\"fusion-separator fusion-full-width-sep\" style=\"align-self: center;margin-left: auto;margin-right: auto;flex-grow:5;margin-top:75px;margin-bottom:0px;width:100%;\"><\/div><div class=\"awb-gallery-wrapper awb-gallery-wrapper-1 button-span-no\" style=\"--more-btn-alignment:center;\"><div style=\"margin:-5px;--awb-bordersize:0px;\" class=\"fusion-gallery fusion-gallery-container fusion-grid-3 fusion-columns-total-3 fusion-gallery-layout-grid fusion-gallery-1\"><div style=\"padding:5px;\" class=\"fusion-grid-column fusion-gallery-column fusion-gallery-column-3 hover-type-none\"><div class=\"fusion-gallery-image\"><img decoding=\"async\" src=\"https:\/\/www.staedtebau-chemnitz.de\/wp-content\/uploads\/2024\/04\/Quartiere-entwickeln-Chemnitz2.jpg\" width=\"786\" height=\"524\" alt=\"Quartiere-entwickeln-Chemnitz2\" title=\"\" aria-label=\"\" class=\"img-responsive wp-image-8537\" srcset=\"https:\/\/www.staedtebau-chemnitz.de\/wp-content\/uploads\/2024\/04\/Quartiere-entwickeln-Chemnitz2-200x133.jpg 200w, https:\/\/www.staedtebau-chemnitz.de\/wp-content\/uploads\/2024\/04\/Quartiere-entwickeln-Chemnitz2-400x267.jpg 400w, https:\/\/www.staedtebau-chemnitz.de\/wp-content\/uploads\/2024\/04\/Quartiere-entwickeln-Chemnitz2-600x400.jpg 600w, https:\/\/www.staedtebau-chemnitz.de\/wp-content\/uploads\/2024\/04\/Quartiere-entwickeln-Chemnitz2.jpg 786w\" sizes=\"(min-width: 2200px) 100vw, (min-width: 784px) 397px, (min-width: 712px) 595px, (min-width: 640px) 712px, \" \/><\/div><\/div><div style=\"padding:5px;\" class=\"fusion-grid-column fusion-gallery-column fusion-gallery-column-3 hover-type-none\"><div class=\"fusion-gallery-image\"><img decoding=\"async\" src=\"https:\/\/www.staedtebau-chemnitz.de\/wp-content\/uploads\/2024\/04\/Quartiere-entwickeln-Chemnitz3.jpg\" width=\"1200\" height=\"800\" alt=\"\" title=\"Quartiere-entwickeln-Chemnitz3\" aria-label=\"Quartiere-entwickeln-Chemnitz3\" class=\"img-responsive wp-image-8538\" srcset=\"https:\/\/www.staedtebau-chemnitz.de\/wp-content\/uploads\/2024\/04\/Quartiere-entwickeln-Chemnitz3-200x133.jpg 200w, https:\/\/www.staedtebau-chemnitz.de\/wp-content\/uploads\/2024\/04\/Quartiere-entwickeln-Chemnitz3-400x267.jpg 400w, https:\/\/www.staedtebau-chemnitz.de\/wp-content\/uploads\/2024\/04\/Quartiere-entwickeln-Chemnitz3-600x400.jpg 600w, https:\/\/www.staedtebau-chemnitz.de\/wp-content\/uploads\/2024\/04\/Quartiere-entwickeln-Chemnitz3-800x533.jpg 800w, https:\/\/www.staedtebau-chemnitz.de\/wp-content\/uploads\/2024\/04\/Quartiere-entwickeln-Chemnitz3.jpg 1200w\" sizes=\"(min-width: 2200px) 100vw, (min-width: 784px) 397px, (min-width: 712px) 595px, (min-width: 640px) 712px, \" \/><\/div><\/div><div style=\"padding:5px;\" class=\"fusion-grid-column fusion-gallery-column fusion-gallery-column-3 hover-type-none\"><div class=\"fusion-gallery-image\"><img decoding=\"async\" src=\"https:\/\/www.staedtebau-chemnitz.de\/wp-content\/uploads\/2024\/04\/Quartiere-entwickeln-Chemnitz.jpg\" width=\"1200\" height=\"800\" alt=\"\" title=\"Quartiere-entwickeln-Chemnitz\" aria-label=\"Quartiere-entwickeln-Chemnitz\" class=\"img-responsive wp-image-8536\" srcset=\"https:\/\/www.staedtebau-chemnitz.de\/wp-content\/uploads\/2024\/04\/Quartiere-entwickeln-Chemnitz-200x133.jpg 200w, https:\/\/www.staedtebau-chemnitz.de\/wp-content\/uploads\/2024\/04\/Quartiere-entwickeln-Chemnitz-400x267.jpg 400w, https:\/\/www.staedtebau-chemnitz.de\/wp-content\/uploads\/2024\/04\/Quartiere-entwickeln-Chemnitz-600x400.jpg 600w, https:\/\/www.staedtebau-chemnitz.de\/wp-content\/uploads\/2024\/04\/Quartiere-entwickeln-Chemnitz-800x533.jpg 800w, https:\/\/www.staedtebau-chemnitz.de\/wp-content\/uploads\/2024\/04\/Quartiere-entwickeln-Chemnitz.jpg 1200w\" sizes=\"(min-width: 2200px) 100vw, (min-width: 784px) 397px, (min-width: 712px) 595px, (min-width: 640px) 712px, \" \/><\/div><\/div><div class=\"clearfix\"><\/div><\/div><\/div><div class=\"fusion-separator fusion-full-width-sep\" style=\"align-self: center;margin-left: auto;margin-right: auto;margin-top:75px;width:100%;\"><\/div><\/div><\/div><\/div><\/div><\/p>\n","protected":false},"excerpt":{"rendered":"","protected":false},"author":3,"featured_media":0,"parent":0,"menu_order":0,"comment_status":"closed","ping_status":"closed","template":"100-width.php","meta":{"inline_featured_image":false,"footnotes":""},"class_list":["post-8403","page","type-page","status-publish","hentry"],"yoast_head":"<!-- This site is optimized with the Yoast SEO plugin v27.4 - https:\/\/yoast.com\/product\/yoast-seo-wordpress\/ -->\n<title>Quartiere mit Weitblick - B\u00fcro f\u00fcr St\u00e4dtebau GmbH Chemnitz<\/title>\n<meta name=\"description\" content=\"Die Anforderungen an das Leben in Quartieren befinden sich in einem tiefgreifenden Wandel. Wohnungsunternehmen werden mit einer Vielzahl von Herausforderungen konfrontiert. Wir helfen Ihnen dabei, ein Quartier zu gestalten, welches seine individuelle Wertigkeit, seinen Charakter und seine Nutzungsm\u00f6glichkeiten auf nachhaltige Art und Weise neu konzipiert.Von der Atmosph\u00e4re und Aura des Ortes zur Vision: Gemeinsam finden wir auf Ihr Quartier abgestimmte L\u00f6sungen zu einer gr\u00fcn-blauen Infrastruktur, erneuerbaren Energien, neu gedachten Mobilit\u00e4tskonzepten, innovativen und flexiblen Wohnungskonzepten uvm. Der kreativen Gestaltung Ihres zukunftsf\u00e4higen Wohnquartiers sind keine Grenzen gesetzt.\" \/>\n<meta name=\"robots\" content=\"index, follow, max-snippet:-1, max-image-preview:large, max-video-preview:-1\" \/>\n<link rel=\"canonical\" href=\"https:\/\/www.staedtebau-chemnitz.de\/index.php\/quartiere-mit-weitblick\/\" \/>\n<meta property=\"og:locale\" content=\"de_DE\" \/>\n<meta property=\"og:type\" content=\"article\" \/>\n<meta property=\"og:title\" content=\"Quartiere mit Weitblick - B\u00fcro f\u00fcr St\u00e4dtebau GmbH Chemnitz\" \/>\n<meta property=\"og:description\" content=\"Die Anforderungen an das Leben in Quartieren befinden sich in einem tiefgreifenden Wandel. Wohnungsunternehmen werden mit einer Vielzahl von Herausforderungen konfrontiert. Wir helfen Ihnen dabei, ein Quartier zu gestalten, welches seine individuelle Wertigkeit, seinen Charakter und seine Nutzungsm\u00f6glichkeiten auf nachhaltige Art und Weise neu konzipiert.Von der Atmosph\u00e4re und Aura des Ortes zur Vision: Gemeinsam finden wir auf Ihr Quartier abgestimmte L\u00f6sungen zu einer gr\u00fcn-blauen Infrastruktur, erneuerbaren Energien, neu gedachten Mobilit\u00e4tskonzepten, innovativen und flexiblen Wohnungskonzepten uvm. Der kreativen Gestaltung Ihres zukunftsf\u00e4higen Wohnquartiers sind keine Grenzen gesetzt.\" \/>\n<meta property=\"og:url\" content=\"https:\/\/www.staedtebau-chemnitz.de\/index.php\/quartiere-mit-weitblick\/\" \/>\n<meta property=\"og:site_name\" content=\"B\u00fcro f\u00fcr St\u00e4dtebau GmbH Chemnitz\" \/>\n<meta property=\"article:modified_time\" content=\"2025-09-08T17:24:46+00:00\" \/>\n<meta name=\"twitter:card\" content=\"summary_large_image\" \/>\n<meta name=\"twitter:label1\" content=\"Gesch\u00e4tzte Lesezeit\" \/>\n\t<meta name=\"twitter:data1\" content=\"14\u00a0Minuten\" \/>\n<script type=\"application\/ld+json\" class=\"yoast-schema-graph\">{\"@context\":\"https:\\\/\\\/schema.org\",\"@graph\":[{\"@type\":\"WebPage\",\"@id\":\"https:\\\/\\\/www.staedtebau-chemnitz.de\\\/index.php\\\/quartiere-mit-weitblick\\\/\",\"url\":\"https:\\\/\\\/www.staedtebau-chemnitz.de\\\/index.php\\\/quartiere-mit-weitblick\\\/\",\"name\":\"Quartiere mit Weitblick - B\u00fcro f\u00fcr St\u00e4dtebau GmbH Chemnitz\",\"isPartOf\":{\"@id\":\"https:\\\/\\\/www.staedtebau-chemnitz.de\\\/#website\"},\"datePublished\":\"2024-03-07T10:34:52+00:00\",\"dateModified\":\"2025-09-08T17:24:46+00:00\",\"description\":\"Die Anforderungen an das Leben in Quartieren befinden sich in einem tiefgreifenden Wandel. Wohnungsunternehmen werden mit einer Vielzahl von Herausforderungen konfrontiert. Wir helfen Ihnen dabei, ein Quartier zu gestalten, welches seine individuelle Wertigkeit, seinen Charakter und seine Nutzungsm\u00f6glichkeiten auf nachhaltige Art und Weise neu konzipiert.Von der Atmosph\u00e4re und Aura des Ortes zur Vision: Gemeinsam finden wir auf Ihr Quartier abgestimmte L\u00f6sungen zu einer gr\u00fcn-blauen Infrastruktur, erneuerbaren Energien, neu gedachten Mobilit\u00e4tskonzepten, innovativen und flexiblen Wohnungskonzepten uvm. Der kreativen Gestaltung Ihres zukunftsf\u00e4higen Wohnquartiers sind keine Grenzen gesetzt.\",\"breadcrumb\":{\"@id\":\"https:\\\/\\\/www.staedtebau-chemnitz.de\\\/index.php\\\/quartiere-mit-weitblick\\\/#breadcrumb\"},\"inLanguage\":\"de\",\"potentialAction\":[{\"@type\":\"ReadAction\",\"target\":[\"https:\\\/\\\/www.staedtebau-chemnitz.de\\\/index.php\\\/quartiere-mit-weitblick\\\/\"]}]},{\"@type\":\"BreadcrumbList\",\"@id\":\"https:\\\/\\\/www.staedtebau-chemnitz.de\\\/index.php\\\/quartiere-mit-weitblick\\\/#breadcrumb\",\"itemListElement\":[{\"@type\":\"ListItem\",\"position\":1,\"name\":\"Startseite\",\"item\":\"https:\\\/\\\/www.staedtebau-chemnitz.de\\\/\"},{\"@type\":\"ListItem\",\"position\":2,\"name\":\"Quartiere mit Weitblick\"}]},{\"@type\":\"WebSite\",\"@id\":\"https:\\\/\\\/www.staedtebau-chemnitz.de\\\/#website\",\"url\":\"https:\\\/\\\/www.staedtebau-chemnitz.de\\\/\",\"name\":\"B\u00fcro f\u00fcr St\u00e4dtebau GmbH Chemnitz\",\"description\":\"ganzheitliche Stadtentwicklung Bauleitplanung l\u00e4ndliche Raumplanung\",\"publisher\":{\"@id\":\"https:\\\/\\\/www.staedtebau-chemnitz.de\\\/#organization\"},\"potentialAction\":[{\"@type\":\"SearchAction\",\"target\":{\"@type\":\"EntryPoint\",\"urlTemplate\":\"https:\\\/\\\/www.staedtebau-chemnitz.de\\\/?s={search_term_string}\"},\"query-input\":{\"@type\":\"PropertyValueSpecification\",\"valueRequired\":true,\"valueName\":\"search_term_string\"}}],\"inLanguage\":\"de\"},{\"@type\":\"Organization\",\"@id\":\"https:\\\/\\\/www.staedtebau-chemnitz.de\\\/#organization\",\"name\":\"B\u00fcro f\u00fcr St\u00e4dtebau GmbH Chemnitz\",\"url\":\"https:\\\/\\\/www.staedtebau-chemnitz.de\\\/\",\"logo\":{\"@type\":\"ImageObject\",\"inLanguage\":\"de\",\"@id\":\"https:\\\/\\\/www.staedtebau-chemnitz.de\\\/#\\\/schema\\\/logo\\\/image\\\/\",\"url\":\"https:\\\/\\\/www.staedtebau-chemnitz.de\\\/wp-content\\\/uploads\\\/2022\\\/05\\\/Logo_Staedtebau_4c.png\",\"contentUrl\":\"https:\\\/\\\/www.staedtebau-chemnitz.de\\\/wp-content\\\/uploads\\\/2022\\\/05\\\/Logo_Staedtebau_4c.png\",\"width\":1217,\"height\":1077,\"caption\":\"B\u00fcro f\u00fcr St\u00e4dtebau GmbH Chemnitz\"},\"image\":{\"@id\":\"https:\\\/\\\/www.staedtebau-chemnitz.de\\\/#\\\/schema\\\/logo\\\/image\\\/\"}}]}<\/script>\n<!-- \/ Yoast SEO plugin. -->","yoast_head_json":{"title":"Quartiere mit Weitblick - B\u00fcro f\u00fcr St\u00e4dtebau GmbH Chemnitz","description":"Die Anforderungen an das Leben in Quartieren befinden sich in einem tiefgreifenden Wandel. Wohnungsunternehmen werden mit einer Vielzahl von Herausforderungen konfrontiert. Wir helfen Ihnen dabei, ein Quartier zu gestalten, welches seine individuelle Wertigkeit, seinen Charakter und seine Nutzungsm\u00f6glichkeiten auf nachhaltige Art und Weise neu konzipiert.Von der Atmosph\u00e4re und Aura des Ortes zur Vision: Gemeinsam finden wir auf Ihr Quartier abgestimmte L\u00f6sungen zu einer gr\u00fcn-blauen Infrastruktur, erneuerbaren Energien, neu gedachten Mobilit\u00e4tskonzepten, innovativen und flexiblen Wohnungskonzepten uvm. Der kreativen Gestaltung Ihres zukunftsf\u00e4higen Wohnquartiers sind keine Grenzen gesetzt.","robots":{"index":"index","follow":"follow","max-snippet":"max-snippet:-1","max-image-preview":"max-image-preview:large","max-video-preview":"max-video-preview:-1"},"canonical":"https:\/\/www.staedtebau-chemnitz.de\/index.php\/quartiere-mit-weitblick\/","og_locale":"de_DE","og_type":"article","og_title":"Quartiere mit Weitblick - B\u00fcro f\u00fcr St\u00e4dtebau GmbH Chemnitz","og_description":"Die Anforderungen an das Leben in Quartieren befinden sich in einem tiefgreifenden Wandel. Wohnungsunternehmen werden mit einer Vielzahl von Herausforderungen konfrontiert. Wir helfen Ihnen dabei, ein Quartier zu gestalten, welches seine individuelle Wertigkeit, seinen Charakter und seine Nutzungsm\u00f6glichkeiten auf nachhaltige Art und Weise neu konzipiert.Von der Atmosph\u00e4re und Aura des Ortes zur Vision: Gemeinsam finden wir auf Ihr Quartier abgestimmte L\u00f6sungen zu einer gr\u00fcn-blauen Infrastruktur, erneuerbaren Energien, neu gedachten Mobilit\u00e4tskonzepten, innovativen und flexiblen Wohnungskonzepten uvm. Der kreativen Gestaltung Ihres zukunftsf\u00e4higen Wohnquartiers sind keine Grenzen gesetzt.","og_url":"https:\/\/www.staedtebau-chemnitz.de\/index.php\/quartiere-mit-weitblick\/","og_site_name":"B\u00fcro f\u00fcr St\u00e4dtebau GmbH Chemnitz","article_modified_time":"2025-09-08T17:24:46+00:00","twitter_card":"summary_large_image","twitter_misc":{"Gesch\u00e4tzte Lesezeit":"14\u00a0Minuten"},"schema":{"@context":"https:\/\/schema.org","@graph":[{"@type":"WebPage","@id":"https:\/\/www.staedtebau-chemnitz.de\/index.php\/quartiere-mit-weitblick\/","url":"https:\/\/www.staedtebau-chemnitz.de\/index.php\/quartiere-mit-weitblick\/","name":"Quartiere mit Weitblick - B\u00fcro f\u00fcr St\u00e4dtebau GmbH Chemnitz","isPartOf":{"@id":"https:\/\/www.staedtebau-chemnitz.de\/#website"},"datePublished":"2024-03-07T10:34:52+00:00","dateModified":"2025-09-08T17:24:46+00:00","description":"Die Anforderungen an das Leben in Quartieren befinden sich in einem tiefgreifenden Wandel. Wohnungsunternehmen werden mit einer Vielzahl von Herausforderungen konfrontiert. Wir helfen Ihnen dabei, ein Quartier zu gestalten, welches seine individuelle Wertigkeit, seinen Charakter und seine Nutzungsm\u00f6glichkeiten auf nachhaltige Art und Weise neu konzipiert.Von der Atmosph\u00e4re und Aura des Ortes zur Vision: Gemeinsam finden wir auf Ihr Quartier abgestimmte L\u00f6sungen zu einer gr\u00fcn-blauen Infrastruktur, erneuerbaren Energien, neu gedachten Mobilit\u00e4tskonzepten, innovativen und flexiblen Wohnungskonzepten uvm. Der kreativen Gestaltung Ihres zukunftsf\u00e4higen Wohnquartiers sind keine Grenzen gesetzt.","breadcrumb":{"@id":"https:\/\/www.staedtebau-chemnitz.de\/index.php\/quartiere-mit-weitblick\/#breadcrumb"},"inLanguage":"de","potentialAction":[{"@type":"ReadAction","target":["https:\/\/www.staedtebau-chemnitz.de\/index.php\/quartiere-mit-weitblick\/"]}]},{"@type":"BreadcrumbList","@id":"https:\/\/www.staedtebau-chemnitz.de\/index.php\/quartiere-mit-weitblick\/#breadcrumb","itemListElement":[{"@type":"ListItem","position":1,"name":"Startseite","item":"https:\/\/www.staedtebau-chemnitz.de\/"},{"@type":"ListItem","position":2,"name":"Quartiere mit Weitblick"}]},{"@type":"WebSite","@id":"https:\/\/www.staedtebau-chemnitz.de\/#website","url":"https:\/\/www.staedtebau-chemnitz.de\/","name":"B\u00fcro f\u00fcr St\u00e4dtebau GmbH Chemnitz","description":"ganzheitliche Stadtentwicklung Bauleitplanung l\u00e4ndliche Raumplanung","publisher":{"@id":"https:\/\/www.staedtebau-chemnitz.de\/#organization"},"potentialAction":[{"@type":"SearchAction","target":{"@type":"EntryPoint","urlTemplate":"https:\/\/www.staedtebau-chemnitz.de\/?s={search_term_string}"},"query-input":{"@type":"PropertyValueSpecification","valueRequired":true,"valueName":"search_term_string"}}],"inLanguage":"de"},{"@type":"Organization","@id":"https:\/\/www.staedtebau-chemnitz.de\/#organization","name":"B\u00fcro f\u00fcr St\u00e4dtebau GmbH Chemnitz","url":"https:\/\/www.staedtebau-chemnitz.de\/","logo":{"@type":"ImageObject","inLanguage":"de","@id":"https:\/\/www.staedtebau-chemnitz.de\/#\/schema\/logo\/image\/","url":"https:\/\/www.staedtebau-chemnitz.de\/wp-content\/uploads\/2022\/05\/Logo_Staedtebau_4c.png","contentUrl":"https:\/\/www.staedtebau-chemnitz.de\/wp-content\/uploads\/2022\/05\/Logo_Staedtebau_4c.png","width":1217,"height":1077,"caption":"B\u00fcro f\u00fcr St\u00e4dtebau GmbH Chemnitz"},"image":{"@id":"https:\/\/www.staedtebau-chemnitz.de\/#\/schema\/logo\/image\/"}}]}},"_links":{"self":[{"href":"https:\/\/www.staedtebau-chemnitz.de\/index.php\/wp-json\/wp\/v2\/pages\/8403","targetHints":{"allow":["GET"]}}],"collection":[{"href":"https:\/\/www.staedtebau-chemnitz.de\/index.php\/wp-json\/wp\/v2\/pages"}],"about":[{"href":"https:\/\/www.staedtebau-chemnitz.de\/index.php\/wp-json\/wp\/v2\/types\/page"}],"author":[{"embeddable":true,"href":"https:\/\/www.staedtebau-chemnitz.de\/index.php\/wp-json\/wp\/v2\/users\/3"}],"replies":[{"embeddable":true,"href":"https:\/\/www.staedtebau-chemnitz.de\/index.php\/wp-json\/wp\/v2\/comments?post=8403"}],"version-history":[{"count":66,"href":"https:\/\/www.staedtebau-chemnitz.de\/index.php\/wp-json\/wp\/v2\/pages\/8403\/revisions"}],"predecessor-version":[{"id":10475,"href":"https:\/\/www.staedtebau-chemnitz.de\/index.php\/wp-json\/wp\/v2\/pages\/8403\/revisions\/10475"}],"wp:attachment":[{"href":"https:\/\/www.staedtebau-chemnitz.de\/index.php\/wp-json\/wp\/v2\/media?parent=8403"}],"curies":[{"name":"wp","href":"https:\/\/api.w.org\/{rel}","templated":true}]}}